{"id":6829,"date":"2021-02-19T00:45:30","date_gmt":"2021-02-18T21:45:30","guid":{"rendered":"https:\/\/clinista.com\/?page_id=6829"},"modified":"2024-07-17T11:33:29","modified_gmt":"2024-07-17T08:33:29","slug":"diyarbakir-sac-ekimi-merkezi","status":"publish","type":"page","link":"https:\/\/clinista.com\/tr\/diyarbakir-sac-ekimi-merkezi\/","title":{"rendered":"Diyarbak\u0131r Sa\u00e7 Ekimi Merkezi Fiyatlar\u0131 Sa\u00e7 Ekim Detaylar\u0131"},"content":{"rendered":"<h1>Diyarbak\u0131r Sa\u00e7 Ekimi Merkezi: \u0130stanbul&#8217;da Kaliteli Hizmet<\/h1>\n<p>Sa\u00e7l\u0131 b\u00f6lgelerden al\u0131nan k\u00f6klerin daha zay\u0131f olan b\u00f6lgelere, yani sa\u00e7 seyrekli\u011fi olan b\u00f6lgelere nakli yap\u0131lmas\u0131, sa\u00e7 ekimi i\u015fleminin temelini olu\u015fturur. Sa\u00e7 d\u00f6k\u00fclmesi, g\u00fcnl\u00fck hayatta ne yaz\u0131k ki s\u0131k\u00e7a kar\u015f\u0131la\u015f\u0131lan bir durumdur. Diyarbak\u0131r Sa\u00e7 Ekimi Merkezi, bu s\u00fcre\u00e7te size t\u00fcm profesyonel destekleri sa\u011flamaktad\u0131r. Sadece sa\u00e7 ekim a\u015famas\u0131nda de\u011fil, sa\u00e7 ekim i\u015fleminden sonra da Diyarbak\u0131r Sa\u00e7 Ekimi uzman kadrosuyla deste\u011fini s\u00fcrd\u00fcrmektedir. Sa\u00e7lar\u0131n insanlar \u00fczerinde hem psikolojik hem de fiziksel olarak b\u00fcy\u00fck etkisi vard\u0131r. Sa\u00e7 d\u00f6k\u00fclmesi ve sa\u00e7 seyrekli\u011fi ya\u015fayan ki\u015filerde \u00f6zg\u00fcven kayb\u0131 ve mutsuzluk g\u00f6r\u00fclebilir. Yo\u011fun ve g\u00fcr sa\u00e7l\u0131 insanlar, di\u011ferlerine g\u00f6re motivasyon ve \u00f6zg\u00fcven konusunda daha iyidir. Diyarbak\u0131r Sa\u00e7 Ekimi Merkezi, eski g\u00fcr ve sa\u011fl\u0131kl\u0131 sa\u00e7lar\u0131n\u0131za kavu\u015fman\u0131z\u0131 garanti eder.<\/p>\n<p>Sa\u00e7 d\u00f6k\u00fclmesi \u00e7e\u015fitli sebeplerden kaynaklanabilir. Genellikle genetik veya a\u015f\u0131r\u0131 stres, sa\u00e7 d\u00f6k\u00fclmesinin ba\u015fl\u0131ca nedenlerindendir. Sa\u00e7 ekimi i\u015flemi, sa\u00e7 k\u00f6k\u00fcn\u00fcn fazla oldu\u011fu b\u00f6lgeden zay\u0131f oldu\u011fu b\u00f6lgeye sa\u00e7 naklinin yap\u0131lmas\u0131d\u0131r. Diyarbak\u0131r Sa\u00e7 Ekimi, uzun y\u0131llard\u0131r uzman kadrosu ile sa\u00e7 ekimi hizmeti vermektedir. Tedavi ve bak\u0131mlarla istedi\u011fi sonu\u00e7lar\u0131 elde edemeyen ki\u015filer, daha profesyonel bir s\u00fcre\u00e7 olan sa\u00e7 ekimi operasyonuna ba\u015fvurmaktad\u0131r.<\/p>\n<p>G\u00fcn\u00fcm\u00fczde s\u0131k\u00e7a tercih edilen bu operasyon ile k\u0131sa s\u00fcrede insanlar istedikleri olumlu sonu\u00e7lar\u0131 elde etmektedirler. Sa\u00e7 ekimi s\u00fcrecinde ki\u015fi ile ortak bir plan haz\u0131rlanarak en verimli s\u00fcre\u00e7 hedeflenmektedir. Diyarbak\u0131r Sa\u00e7 Ekimi ile sa\u00e7 ekim s\u00fcrecini en olumlu ve sa\u011fl\u0131kl\u0131 \u015fekilde ger\u00e7ekle\u015ftirebilirsiniz.<img loading=\"lazy\" decoding=\"async\" class=\"size-full wp-image-8996 aligncenter\" src=\"https:\/\/clinista.com\/wp-content\/uploads\/2021\/02\/clinista-sac-ekimi.jpg\" alt=\"\" width=\"371\" height=\"192\"><\/p>\n<h2>Diyarbak\u0131r Sa\u00e7 Ekimi \u00d6ncesi ve Sonras\u0131<\/h2>\n<p>Sa\u00e7 d\u00f6k\u00fclmesi, insanlarda \u00e7e\u015fitli psikolojik sorunlara yol a\u00e7abilir. Uzmanlar, sa\u00e7 d\u00f6k\u00fclmesi ya\u015fayan ki\u015filerin \u00f6zg\u00fcven konusunda da sorunlar ya\u015fayabilece\u011fini belirtmektedir. Sa\u00e7 ekimi, art\u0131k eskisi gibi uzun s\u00fcren ve sonu\u00e7 al\u0131namayan operasyonlar gibi de\u011fildir. Geli\u015fen sa\u011fl\u0131k sekt\u00f6r\u00fc ve teknoloji ile art\u0131k k\u0131sa s\u00fcrede sonu\u00e7 al\u0131nan ba\u015far\u0131l\u0131 bir cerrahi operasyon s\u00fcrecidir.<\/p>\n<p>Sa\u00e7 ekimi yapmak isteyen insanlar, g\u00f6n\u00fcl rahatl\u0131\u011f\u0131yla bu operasyonlar\u0131 ge\u00e7irebilirler. Binlerce insan, sa\u00e7 ekimi yapt\u0131r\u0131p eski mutlu hayatlar\u0131na d\u00f6n\u00fcyor. Sa\u00e7 d\u00f6k\u00fclmesi, olduk\u00e7a can s\u0131k\u0131c\u0131 ve \u00f6zg\u00fcven kayb\u0131na yol a\u00e7an bir durumdur. Peki, art\u0131k bu sorundan kurtulmak istemez misiniz?<\/p>\n<p>&nbsp;<\/p>\n<p><center><img loading=\"lazy\" decoding=\"async\" class=\"wp-image-6843 size-full aligncenter\" src=\"https:\/\/clinista.com\/wp-content\/uploads\/2021\/02\/diyarbakir-sac-ekimi-1.jpg\" alt=\"\" width=\"600\" height=\"599\"><\/center><\/p>\n<h2>Diyarbak\u0131r Sa\u00e7 Ekimi Merkezi: \u0130stanbul&#8217;da Profesyonel Ekibimizle Tan\u0131\u015f\u0131n<\/h2>\n<p><a href=\"https:\/\/clinista.com\/van-sac-ekimi-merkezi\/\">Diyarbak\u0131r Sa\u00e7 Ekimi Merkezi<\/a> olarak, sizi sa\u011fl\u0131kl\u0131 ve do\u011fal sa\u00e7lar\u0131n\u0131za kavu\u015fturmay\u0131 bekliyoruz. Biz haz\u0131r\u0131z, peki ya siz? Eski do\u011fal ve sa\u011fl\u0131kl\u0131 sa\u00e7lar\u0131n\u0131za kavu\u015fmaya ne dersiniz? Sa\u00e7 ekimi i\u00e7in kesinlikle ge\u00e7 kald\u0131\u011f\u0131n\u0131z\u0131 d\u00fc\u015f\u00fcnmeyin. Ya\u015f ilerledik\u00e7e bir\u00e7ok ki\u015fi sa\u00e7 kayb\u0131 ya\u015far ve baz\u0131 b\u00f6lgelerde kellik olu\u015fur. Bu do\u011fal bir durumdur.<\/p>\n<p>Sa\u00e7 ekimi hizmeti, ba\u015far\u0131l\u0131 operasyonlar sonucunda insanlar\u0131n olumlu sonu\u00e7lar almas\u0131 ile daha s\u0131k tercih edilen bir hizmet haline gelmi\u015ftir. Kolay ve ac\u0131s\u0131z bir \u015fekilde eski g\u00fcr ve sa\u011fl\u0131kl\u0131 sa\u00e7lar\u0131n\u0131za kavu\u015fabilirsiniz. Tek yapman\u0131z gereken, Diyarbak\u0131r Sa\u00e7 Ekimi Merkezi ekibimize ula\u015fmak. \u0130stanbul&#8217;da bulunan merkezimizde, profesyonel ekibimizden en iyi hizmeti alarak, sa\u011fl\u0131kl\u0131 ve uzun \u00f6m\u00fcrl\u00fc sa\u00e7lara kavu\u015fabilirsiniz.<\/p>\n<p>&nbsp;<\/p>\n<p><center><img loading=\"lazy\" decoding=\"async\" class=\"wp-image-6839 size-full aligncenter\" src=\"https:\/\/clinista.com\/wp-content\/uploads\/2021\/02\/sac-ekimi-diyarbakir-oncesi-sonrasi.jpg\" alt=\"\" width=\"600\" height=\"599\"><\/center>&nbsp;<\/p>\n","protected":false},"excerpt":{"rendered":"<p>Diyarbak\u0131r Sa\u00e7 Ekimi Merkezi: \u0130stanbul&#8217;da Kaliteli Hizmet Sa\u00e7l\u0131 b\u00f6lgelerden al\u0131nan k\u00f6klerin daha zay\u0131f olan b\u00f6lgelere, yani sa\u00e7 seyrekli\u011fi olan b\u00f6lgelere nakli yap\u0131lmas\u0131, sa\u00e7 ekimi i\u015fleminin temelini olu\u015fturur. Sa\u00e7 d\u00f6k\u00fclmesi, g\u00fcnl\u00fck hayatta ne yaz\u0131k ki s\u0131k\u00e7a kar\u015f\u0131la\u015f\u0131lan bir durumdur. Diyarbak\u0131r Sa\u00e7 Ekimi Merkezi, bu s\u00fcre\u00e7te size t\u00fcm profesyonel destekleri sa\u011flamaktad\u0131r. Sadece sa\u00e7 ekim a\u015famas\u0131nda de\u011fil, sa\u00e7 [&hellip;]<\/p>\n","protected":false},"author":1,"featured_media":6830,"parent":0,"menu_order":0,"comment_status":"closed","ping_status":"closed","template":"","meta":{"_acf_changed":false,"footnotes":""},"class_list":["post-6829","page","type-page","status-publish","has-post-thumbnail","hentry"],"acf":[],"_links":{"self":[{"href":"https:\/\/clinista.com\/tr\/wp-json\/wp\/v2\/pages\/6829","targetHints":{"allow":["GET"]}}],"collection":[{"href":"https:\/\/clinista.com\/tr\/wp-json\/wp\/v2\/pages"}],"about":[{"href":"https:\/\/clinista.com\/tr\/wp-json\/wp\/v2\/types\/page"}],"author":[{"embeddable":true,"href":"https:\/\/clinista.com\/tr\/wp-json\/wp\/v2\/users\/1"}],"replies":[{"embeddable":true,"href":"https:\/\/clinista.com\/tr\/wp-json\/wp\/v2\/comments?post=6829"}],"version-history":[{"count":0,"href":"https:\/\/clinista.com\/tr\/wp-json\/wp\/v2\/pages\/6829\/revisions"}],"wp:featuredmedia":[{"embeddable":true,"href":"https:\/\/clinista.com\/tr\/wp-json\/wp\/v2\/media\/6830"}],"wp:attachment":[{"href":"https:\/\/clinista.com\/tr\/wp-json\/wp\/v2\/media?parent=6829"}],"curies":[{"name":"wp","href":"https:\/\/api.w.org\/{rel}","templated":true}]}}