{"id":6848,"date":"2021-02-20T02:11:22","date_gmt":"2021-02-19T23:11:22","guid":{"rendered":"https:\/\/clinista.com\/?page_id=6848"},"modified":"2024-07-17T11:37:27","modified_gmt":"2024-07-17T08:37:27","slug":"tekirdag-sac-ekimi-merkezi","status":"publish","type":"page","link":"https:\/\/clinista.com\/tr\/tekirdag-sac-ekimi-merkezi\/","title":{"rendered":"Tekirda\u011f Sa\u00e7 Ekimi Merkezi Fiyatlar\u0131 \u00c7orlu Sa\u00e7 Ekim"},"content":{"rendered":"<h1>Tekirda\u011f Sa\u00e7 Ekimi: \u0130stanbul&#8217;da Kaliteli Hizmet<\/h1>\n<p><strong><a href=\"https:\/\/clinista.com\/tekirdag-sac-ekimi-merkezi\/\">Tekirda\u011f Sa\u00e7 Ekimi<\/a> <\/strong>olarak s\u0131k kar\u015f\u0131la\u015f\u0131lan sorunlardan bir tanesi olan sa\u00e7 d\u00f6k\u00fclme sorununa \u00e7\u00f6z\u00fcm olu\u015fturuyoruz. <strong><a href=\"https:\/\/clinista.com\/tekirdag-sac-ekimi-merkezi\/\">Tekirda\u011f Sa\u00e7 Ekim Merkezi<\/a> <\/strong>olarak sizlere bu konuda yard\u0131mc\u0131 olmay\u0131 ama\u00e7l\u0131yoruz. Kozmetik a\u00e7\u0131dan da bir sorun te\u015fkil etmekte olan sa\u00e7 d\u00f6k\u00fclmesi olduk\u00e7a can s\u0131kan bir durumdur. Sadece erkeklerin sa\u00e7lar\u0131n\u0131n d\u00f6k\u00fcld\u00fc\u011f\u00fc d\u00fc\u015f\u00fcn\u00fclse de asl\u0131nda kad\u0131nlar\u0131n da sa\u00e7lar\u0131 ne yaz\u0131k ki d\u00f6k\u00fclebilir. G\u00fcnl\u00fck olarak 50-100 sa\u00e7 telinin d\u00f6k\u00fclmesi uzmanlar taraf\u0131ndan normal olarak kar\u015f\u0131lanmaktad\u0131r.<\/p>\n<p>Sa\u00e7 d\u00f6k\u00fclmesi \u00e7e\u015fitli nedenlerden dolay\u0131 olabilir. Bu nedenler; ya\u015f\u0131n\u0131z\u0131n ilerlemesi, herhangi bir kaza sonucu veya genetik bir hastal\u0131ktan kaynakl\u0131 olarak ortaya \u00e7\u0131kabilmektedir. Tekirda\u011f Sa\u00e7 Ekimi, bu nedenlerden dolay\u0131 ma\u011fdur olan ve eski sa\u011fl\u0131kl\u0131 sa\u00e7lar\u0131na kavu\u015fmak isteyenleri alan\u0131nda uzman kadrosu ve geli\u015fmi\u015f teknolojiyi kullanarak size <a href=\"https:\/\/clinista.com\/sac-ekimi\/\"><strong>\u0130stanbul&#8217;da Sa\u00e7 Ekim<\/strong> <\/a>hizmeti vermektedir. Sa\u00e7 Ekimi ameliyat\u0131 d\u00fc\u015f\u00fcn\u00fcld\u00fc\u011f\u00fc gibi zorlu ve ac\u0131l\u0131 bir s\u00fcre\u00e7 de\u011fildir. Di\u011fer estetik operasyonlara g\u00f6re sa\u00e7 ekimi ameliyat\u0131 kolay ve iyile\u015fme s\u00fcresi rahat olan bir operasyondur.<\/p>\n<figure id=\"attachment_6871\" aria-describedby=\"caption-attachment-6871\" style=\"width: 371px\" class=\"wp-caption aligncenter\"><img loading=\"lazy\" decoding=\"async\" class=\"size-full wp-image-6871\" src=\"https:\/\/clinista.com\/wp-content\/uploads\/2021\/02\/ARA.png\" alt=\"\" width=\"371\" height=\"192\"><figcaption id=\"caption-attachment-6871\" class=\"wp-caption-text\">sa\u00e7 ekimi merkezi telefon<\/figcaption><\/figure>\n<p><strong>Tekirda\u011f Sa\u00e7 Ekimi<\/strong> Ameliyat\u0131, V\u00fccut da ki g\u00f6\u011f\u00fcs, kol, ve \u00f6zellikle d\u00f6k\u00fclmeye dayan\u0131kl\u0131 oldu\u011fu i\u00e7in ense b\u00f6lgesinden al\u0131nan k\u00f6klerin sa\u00e7 seyrekli\u011fi olan b\u00f6lgelere aktar\u0131lmas\u0131 i\u015flemidir. Clinista Sa\u00e7 Ekimi Ekibi olarak b\u00fcnyemizde sa\u00e7 ekim operasyonu ger\u00e7ekle\u015ftiren y\u00fczlerce mutlu m\u00fc\u015fterimiz oldu\u011funu biliyor muydunuz? Kozmetik a\u00e7\u0131dan bir hayli can s\u0131k\u0131nt\u0131s\u0131na yol a\u00e7an sa\u00e7 d\u00f6k\u00fclmesi ilerleyen teknoloji ve sa\u011fl\u0131k sekt\u00f6r\u00fc ile art\u0131k daha kolay ve ba\u015far\u0131l\u0131 \u015fekilde sonu\u00e7lanmaktad\u0131r.<\/p>\n<h2>Tekirda\u011f Sa\u00e7 Ekim Fiyatlar\u0131 \u00c7orlu<\/h2>\n<p>Sa\u00e7 d\u00f6k\u00fclmesi, g\u00fcnl\u00fck hayatta art\u0131k erken ya\u015flarda ba\u015flayan ciddi bir sorundur. Genellikle erkeklerde yirmili ya\u015flardan sonra g\u00f6r\u00fclmeye ba\u015flanan bu sorun bazen kad\u0131nlarda bile olu\u015fabilmektedir. Erkeklerde genellikle genetik bir durum olan sa\u00e7 d\u00f6k\u00fclmesi kad\u0131nlarda ise hormonal de\u011fi\u015fiklikler y\u00fcz\u00fcnden olu\u015fmaktad\u0131r. Clinista Tekirda\u011f \u00c7orlu Sa\u00e7 Ekimi i\u00e7in sa\u00e7 d\u00f6k\u00fclmesi ya\u015fayan ki\u015filerin bu sorununu \u00e7\u00f6z\u00fcme kavu\u015fturan en \u00f6nemli kliniklerden bir tanesidir.<\/p>\n<p><center><img loading=\"lazy\" decoding=\"async\" class=\"alignnone wp-image-6875 size-full\" src=\"https:\/\/clinista.com\/wp-content\/uploads\/2021\/02\/tekirdag-sac-ekimi-1.jpg\" alt=\"\" width=\"600\" height=\"370\"><\/center>Sa\u00e7 ekimi yapmak isteyen ki\u015filere \u00f6nce bir genel tarama yap\u0131l\u0131r. Bu tarama ile ki\u015fide sa\u00e7 d\u00f6k\u00fclmesine sebebiyet veren bir sa\u011fl\u0131k sorunu olup olmad\u0131\u011f\u0131na bak\u0131l\u0131r. Baz\u0131 ki\u015filerde vitamin ve mineral eksikli\u011fi y\u00fcz\u00fcnden de sa\u00e7 d\u00f6k\u00fclmesi ya\u015fanabiliyor. Bu durumlarda Tekirda\u011f Sa\u00e7 Ekim fiyatlar\u0131 \u00f6ncelikle ki\u015finin bu sorunlardan kurtulmas\u0131 i\u00e7in bir \u00f6n tedavi yap\u0131lmaya \u00e7al\u0131\u015f\u0131l\u0131r. 22 ya\u015f\u0131n\u0131 ge\u00e7mi\u015f ve sa\u00e7 d\u00f6k\u00fclmesinden \u015fikayet\u00e7i olan herkese sa\u00e7 ekimi operasyonu yap\u0131labilmektedir.<\/p>\n<h3>Tekirda\u011f Sa\u00e7 Ekim Merkezi: \u0130stanbul&#8217;da Misafirimiz olun<\/h3>\n<p>En s\u0131k kullan\u0131lan y\u00f6ntem olan FUE ile k\u0131sa s\u00fcrede sa\u011fl\u0131kl\u0131 sonu\u00e7lar al\u0131nabilmektedir. V\u00fccut da don\u00f6r b\u00f6lge olarak g\u00f6r\u00fclen k\u0131s\u0131mlardan al\u0131nan sa\u00e7 k\u00f6kleri seyrek olan yerlere transfer edilmektedir. Genellikle bu b\u00f6lgeler g\u00f6\u011f\u00fcs, s\u0131rt ve ense k\u0131sm\u0131ndan al\u0131nmaktad\u0131r. Bu k\u0131s\u0131mlar g\u00fc\u00e7l\u00fc ve sa\u011flam k\u00f6klerden olu\u015fmaktad\u0131r. <strong>Tekirda\u011f Sa\u00e7 Ekimi Merkezi arayan misafirlerimizi<\/strong> uzun s\u00fcredir \u0130stanbul&#8217;da a\u011f\u0131rlamaktay\u0131z.<\/p>\n<p><center><img loading=\"lazy\" decoding=\"async\" class=\"alignnone wp-image-6884 size-full\" src=\"https:\/\/clinista.com\/wp-content\/uploads\/2021\/02\/tekirdag-sac-ekimi-merkezi.jpg\" alt=\"\" width=\"599\" height=\"598\"><\/center>Sa\u00e7 ekimi yap\u0131lan b\u00f6lgelerde ilk bir ay sa\u00e7 d\u00f6k\u00fclmesi normaldir. 2-3 ay gibi bir s\u00fcre sonra yeni sa\u00e7 k\u00f6kleri g\u00fc\u00e7l\u00fc bir \u015fekilde \u00e7\u0131kmaya ba\u015flar. 6-7 ay sonra ise seyrek olan k\u0131s\u0131m eski g\u00f6r\u00fcn\u00fcm\u00fcne kavu\u015facak kadar g\u00fcr ve s\u0131k olur. Sa\u00e7lar\u0131n adaptasyonuna da ba\u011fl\u0131 olarak sa\u00e7 ekim i\u015fleminin bir s\u00fcre\u00e7 oldu\u011funu bilmekte fayda var. Sizde sa\u00e7 ekim i\u015flemi i\u00e7in uzman kadrosu ve y\u00fczlerce mutlu m\u00fc\u015fterisi olan Clinista Sa\u00e7 Ekimini tercih edebilirsiniz.<\/p>\n","protected":false},"excerpt":{"rendered":"<p>Tekirda\u011f Sa\u00e7 Ekimi: \u0130stanbul&#8217;da Kaliteli Hizmet Tekirda\u011f Sa\u00e7 Ekimi olarak s\u0131k kar\u015f\u0131la\u015f\u0131lan sorunlardan bir tanesi olan sa\u00e7 d\u00f6k\u00fclme sorununa \u00e7\u00f6z\u00fcm olu\u015fturuyoruz. Tekirda\u011f Sa\u00e7 Ekim Merkezi olarak sizlere bu konuda yard\u0131mc\u0131 olmay\u0131 ama\u00e7l\u0131yoruz. Kozmetik a\u00e7\u0131dan da bir sorun te\u015fkil etmekte olan sa\u00e7 d\u00f6k\u00fclmesi olduk\u00e7a can s\u0131kan bir durumdur. Sadece erkeklerin sa\u00e7lar\u0131n\u0131n d\u00f6k\u00fcld\u00fc\u011f\u00fc d\u00fc\u015f\u00fcn\u00fclse de asl\u0131nda kad\u0131nlar\u0131n [&hellip;]<\/p>\n","protected":false},"author":1,"featured_media":6862,"parent":0,"menu_order":0,"comment_status":"closed","ping_status":"closed","template":"","meta":{"_acf_changed":false,"footnotes":""},"class_list":["post-6848","page","type-page","status-publish","has-post-thumbnail","hentry"],"acf":[],"_links":{"self":[{"href":"https:\/\/clinista.com\/tr\/wp-json\/wp\/v2\/pages\/6848","targetHints":{"allow":["GET"]}}],"collection":[{"href":"https:\/\/clinista.com\/tr\/wp-json\/wp\/v2\/pages"}],"about":[{"href":"https:\/\/clinista.com\/tr\/wp-json\/wp\/v2\/types\/page"}],"author":[{"embeddable":true,"href":"https:\/\/clinista.com\/tr\/wp-json\/wp\/v2\/users\/1"}],"replies":[{"embeddable":true,"href":"https:\/\/clinista.com\/tr\/wp-json\/wp\/v2\/comments?post=6848"}],"version-history":[{"count":0,"href":"https:\/\/clinista.com\/tr\/wp-json\/wp\/v2\/pages\/6848\/revisions"}],"wp:featuredmedia":[{"embeddable":true,"href":"https:\/\/clinista.com\/tr\/wp-json\/wp\/v2\/media\/6862"}],"wp:attachment":[{"href":"https:\/\/clinista.com\/tr\/wp-json\/wp\/v2\/media?parent=6848"}],"curies":[{"name":"wp","href":"https:\/\/api.w.org\/{rel}","templated":true}]}}