{"id":6849,"date":"2021-02-20T02:05:54","date_gmt":"2021-02-19T23:05:54","guid":{"rendered":"https:\/\/clinista.com\/?page_id=6849"},"modified":"2024-07-17T11:28:30","modified_gmt":"2024-07-17T08:28:30","slug":"van-sac-ekimi-merkezi","status":"publish","type":"page","link":"https:\/\/clinista.com\/tr\/van-sac-ekimi-merkezi\/","title":{"rendered":"Van Sa\u00e7 Ekimi Merkezi Fiyatlar\u0131 Sa\u00e7 Ekim Detaylar\u0131"},"content":{"rendered":"<h1>Van Sa\u00e7 Ekimi Merkezi: \u0130stanbul&#8217;da Kaliteli Hizmet<\/h1>\n<p>Sa\u00e7 kayb\u0131 ya\u015fayan ki\u015filer i\u00e7in sa\u00e7 ekimi, eskiden oldu\u011fu gibi sa\u011fl\u0131kl\u0131 ve uzun \u00f6m\u00fcrl\u00fc sa\u00e7lara kavu\u015fman\u0131n etkili bir yoludur. Van Sa\u00e7 Ekimi Merkezi olarak, bu operasyonlar\u0131n d\u00fc\u015f\u00fcn\u00fcld\u00fc\u011f\u00fc kadar ac\u0131l\u0131 ve zor olmad\u0131\u011f\u0131n\u0131 garanti ediyoruz. Sa\u00e7 d\u00f6k\u00fclmesinin \u00e7e\u015fitli sebepleri olabilir: genetik, sonradan ge\u00e7irilen kazalar veya hastal\u0131klar gibi.<\/p>\n<p><a href=\"https:\/\/clinista.com\/tekirdag-sac-ekimi-merkezi\/\"><strong>Van Sa\u00e7 Ekimi <\/strong><\/a>arayan ki\u015filere, sa\u00e7 ekimi konusunda <strong>\u0130stanbul&#8217;da<\/strong> en son teknolojiler kullan\u0131larak en kaliteli hizmeti sunmaktad\u0131r. Sa\u00e7 d\u00f6k\u00fclmesi genellikle ya\u015f ilerledik\u00e7e artar. G\u00fcnl\u00fck belirli miktarda sa\u00e7 d\u00f6k\u00fclmesi normal kar\u015f\u0131lan\u0131r, ancak bu miktar artt\u0131\u011f\u0131nda ve a\u015f\u0131r\u0131ya ka\u00e7t\u0131\u011f\u0131nda uzman deste\u011fi almak \u015fartt\u0131r. Sa\u00e7 ekimi, art\u0131k eskisi kadar zorlu bir s\u00fcre\u00e7 de\u011fil; aksine, h\u0131zl\u0131 ve kolay bir hale gelmi\u015ftir.<\/p>\n<p>&nbsp;<\/p>\n<p><a href=\"tel:+905464277372\"><img loading=\"lazy\" decoding=\"async\" class=\"aligncenter size-full wp-image-8347\" src=\"https:\/\/clinista.com\/wp-content\/uploads\/2022\/01\/ARA-sac-ekimi.png\" alt=\"\" width=\"371\" height=\"192\"><\/a><\/p>\n<h2>Van Sa\u00e7 Ekimi: Hangi Ya\u015ftan \u0130tibaren Yap\u0131l\u0131r?<\/h2>\n<p>Sa\u00e7 ekimi, uzmanlar taraf\u0131ndan \u00f6nerilen ya\u015f aral\u0131\u011f\u0131 olan 19-20 ya\u015f itibariyle yap\u0131labilir. \u00d6nemli olan, ki\u015finin yeterli say\u0131da dayan\u0131kl\u0131 sa\u00e7 k\u00f6k\u00fcne sahip olup olmad\u0131\u011f\u0131d\u0131r. Yeterli say\u0131da sa\u00e7 k\u00f6k\u00fc varsa, ki\u015finin belirli b\u00f6lgelerinden al\u0131nan k\u00f6kler kellik olan k\u0131s\u0131mlara aktar\u0131larak operasyon ger\u00e7ekle\u015ftirilebilir.<\/p>\n<h2>Van Sa\u00e7 Ekimi FUE Y\u00f6ntemi<\/h2>\n<p>Sa\u00e7 ekiminde en \u00e7ok kullan\u0131lan y\u00f6ntemlerden biri FUE y\u00f6ntemidir. FUE y\u00f6ntemi, sa\u00e7 k\u00f6klerinin tek tek al\u0131n\u0131p seyrek olan b\u00f6lgelere eklenmesi i\u015flemidir. Bu y\u00f6ntem olduk\u00e7a avantajl\u0131d\u0131r ve insanlar taraf\u0131ndan daha s\u0131k tercih edilir. FUE y\u00f6ntemi, kellik olan b\u00f6lgelerde g\u00fc\u00e7l\u00fc ve sa\u011fl\u0131kl\u0131 sa\u00e7 k\u00f6klerinin \u00e7\u0131kmas\u0131n\u0131 sa\u011flar. Sa\u00e7 ekimi hemen sonu\u00e7 al\u0131nan bir i\u015flem de\u011fildir; daha \u00e7ok bir s\u00fcre\u00e7 olarak d\u00fc\u015f\u00fcn\u00fclmelidir. Van Sa\u00e7 Ekimi olarak, bu y\u00f6ntemi uzman kadromuz ve \u00fcst\u00fcn sa\u011fl\u0131k teknolojimiz ile sizlere sunmaktay\u0131z.<\/p>\n<p>FUE y\u00f6ntemi, en do\u011fal ve en s\u0131k\u0131 sa\u00e7 g\u00f6r\u00fcn\u00fcm\u00fcne sahip olmay\u0131 sa\u011flar. Van Sa\u00e7 Ekimi uzun s\u00fcredir bu alanda profesyonel hizmet vermektedir. Don\u00f6r b\u00f6lgelerden al\u0131nan k\u00f6kler, d\u00f6k\u00fclmemeye ve daha s\u0131k\u0131 bir g\u00f6r\u00fcn\u00fcm yaratmaya y\u00f6neliktir. Bu y\u00f6ntemin avantajlar\u0131 \u015funlard\u0131r:<\/p>\n<p>&#8211; Kesim ve diki\u015f gerektirmeyen bir y\u00f6ntemdir.<br \/>\n&#8211; Sa\u00e7lar tek tek al\u0131n\u0131p kel olan b\u00f6lgeye yerle\u015ftirilir.<br \/>\n&#8211; \u0130\u015flem ortalama 6-7 saat s\u00fcrmektedir.<br \/>\n&#8211; Ki\u015finin tercihine ba\u011fl\u0131 olarak lokal anestezi yap\u0131labilir.<\/p>\n<p><center><img loading=\"lazy\" decoding=\"async\" class=\"alignnone wp-image-6887 size-full\" src=\"https:\/\/clinista.com\/wp-content\/uploads\/2021\/02\/van-sac-ekimi-1.jpg\" alt=\"\" width=\"600\" height=\"348\"><\/center>&nbsp;<\/p>\n<p><center><img loading=\"lazy\" decoding=\"async\" class=\"alignnone wp-image-6890 size-full\" src=\"https:\/\/clinista.com\/wp-content\/uploads\/2021\/02\/van-sac-ekimi-merkezi-3.jpg\" alt=\"\" width=\"599\" height=\"598\"><\/center><center><\/center><center><\/p>\n<h2 style=\"text-align: left;\">Van Sa\u00e7 Ekimi Merkezi: \u0130stanbul&#8217;da Profesyonel Ekibimizle Tan\u0131\u015f\u0131n<\/h2>\n<p style=\"text-align: left;\">Sa\u00e7 ekimi i\u00e7in uygun g\u00f6r\u00fclen ve uzmanlar\u0131n tavsiye etti\u011fi ya\u015f aral\u0131\u011f\u0131 22 ya\u015f ve sonras\u0131d\u0131r. Baz\u0131 ki\u015filer bu i\u015flemin 18 ya\u015fa \u00e7ekilebilece\u011fini savunsa da, biz daha sa\u011fl\u0131kl\u0131 olmas\u0131 a\u00e7\u0131s\u0131ndan 22 ya\u015f kriterini \u00f6nemsiyoruz. Van Sa\u00e7 Ekimi olarak, y\u00fczlerce mutlu m\u00fc\u015fteri portf\u00f6y\u00fcne sahibiz. Siz de sa\u00e7 d\u00f6k\u00fclmesinden rahats\u0131zsan\u0131z ve bundan kurtulmaya karar verdiyseniz, Van Sa\u00e7 Ekimi Merkezi ekibimizle hemen ileti\u015fime ge\u00e7ebilirsiniz. \u0130stanbul&#8217;da bulunan merkezimizde, profesyonel ekibimizden en iyi hizmeti alarak, sa\u011fl\u0131kl\u0131 ve uzun \u00f6m\u00fcrl\u00fc sa\u00e7lara kavu\u015fabilirsiniz.<\/p>\n<p><center><\/center><\/center><\/p>\n<h3><\/h3>\n<p>&nbsp;<\/p>\n","protected":false},"excerpt":{"rendered":"<p>Van Sa\u00e7 Ekimi Merkezi: \u0130stanbul&#8217;da Kaliteli Hizmet Sa\u00e7 kayb\u0131 ya\u015fayan ki\u015filer i\u00e7in sa\u00e7 ekimi, eskiden oldu\u011fu gibi sa\u011fl\u0131kl\u0131 ve uzun \u00f6m\u00fcrl\u00fc sa\u00e7lara kavu\u015fman\u0131n etkili bir yoludur. Van Sa\u00e7 Ekimi Merkezi olarak, bu operasyonlar\u0131n d\u00fc\u015f\u00fcn\u00fcld\u00fc\u011f\u00fc kadar ac\u0131l\u0131 ve zor olmad\u0131\u011f\u0131n\u0131 garanti ediyoruz. Sa\u00e7 d\u00f6k\u00fclmesinin \u00e7e\u015fitli sebepleri olabilir: genetik, sonradan ge\u00e7irilen kazalar veya hastal\u0131klar gibi. Van Sa\u00e7 [&hellip;]<\/p>\n","protected":false},"author":1,"featured_media":6856,"parent":0,"menu_order":0,"comment_status":"closed","ping_status":"closed","template":"","meta":{"_acf_changed":false,"footnotes":""},"class_list":["post-6849","page","type-page","status-publish","has-post-thumbnail","hentry"],"acf":[],"_links":{"self":[{"href":"https:\/\/clinista.com\/tr\/wp-json\/wp\/v2\/pages\/6849","targetHints":{"allow":["GET"]}}],"collection":[{"href":"https:\/\/clinista.com\/tr\/wp-json\/wp\/v2\/pages"}],"about":[{"href":"https:\/\/clinista.com\/tr\/wp-json\/wp\/v2\/types\/page"}],"author":[{"embeddable":true,"href":"https:\/\/clinista.com\/tr\/wp-json\/wp\/v2\/users\/1"}],"replies":[{"embeddable":true,"href":"https:\/\/clinista.com\/tr\/wp-json\/wp\/v2\/comments?post=6849"}],"version-history":[{"count":0,"href":"https:\/\/clinista.com\/tr\/wp-json\/wp\/v2\/pages\/6849\/revisions"}],"wp:featuredmedia":[{"embeddable":true,"href":"https:\/\/clinista.com\/tr\/wp-json\/wp\/v2\/media\/6856"}],"wp:attachment":[{"href":"https:\/\/clinista.com\/tr\/wp-json\/wp\/v2\/media?parent=6849"}],"curies":[{"name":"wp","href":"https:\/\/api.w.org\/{rel}","templated":true}]}}